{"id":187,"date":"2025-03-10T10:27:13","date_gmt":"2025-03-10T10:27:13","guid":{"rendered":"https:\/\/marbresoctavio.com\/es\/?page_id=187"},"modified":"2025-03-20T14:25:29","modified_gmt":"2025-03-20T14:25:29","slug":"politica-de-privacitat","status":"publish","type":"page","link":"https:\/\/marbresoctavio.com\/es\/politica-de-privacitat\/","title":{"rendered":"Pol\u00edtica de Privacidad"},"content":{"rendered":"[et_pb_section fb_built=&#8221;1&#8243; theme_builder_area=&#8221;post_content&#8221; _builder_version=&#8221;4.27.4&#8243; _module_preset=&#8221;default&#8221;][et_pb_row _builder_version=&#8221;4.27.4&#8243; _module_preset=&#8221;default&#8221; theme_builder_area=&#8221;post_content&#8221;][et_pb_column _builder_version=&#8221;4.27.4&#8243; _module_preset=&#8221;default&#8221; theme_builder_area=&#8221;post_content&#8221;][et_pb_text _builder_version=&#8221;4.27.4&#8243; _module_preset=&#8221;default&#8221; theme_builder_area=&#8221;post_content&#8221; hover_enabled=&#8221;0&#8243; sticky_enabled=&#8221;0&#8243;]<h2 class=\"et_pb_module_heading et-fb-editable-element et-fb-editable-element et-fb-editable-element__editing\" data-shortcode-id=\"1.0.0.0-1741602115549\" data-quickaccess-id=\"title\" contenteditable=\"true\">Pol\u00edtica de privacitat<\/h2>[\/et_pb_text][et_pb_text _builder_version=&#8221;4.27.4&#8243; _module_preset=&#8221;default&#8221; theme_builder_area=&#8221;post_content&#8221; hover_enabled=&#8221;0&#8243; sticky_enabled=&#8221;0&#8243;]<em><strong>INFORMACI\u00d3N AL USUARIO<\/strong><\/em>\n\n<span class=\"Apple-converted-space\">\u00a0<\/span>\n<strong>MARBRES OCTAVIO<\/strong>\u00a0es el Responsable del tratamiento de los datos personales del Usuario y le informa que estos datos ser\u00e1n tratados de conformidad con lo dispuesto en la normativa vigente en protecci\u00f3n de datos personales, el Reglamento (UE) 2016\/679 de 27 de abril de 2016 (GDPR)<span class=\"Apple-converted-space\">\u00a0 <\/span>relativo a la protecci\u00f3n de las personas f\u00edsicas en lo que respecta al tratamiento de datos personales y a la libre circulaci\u00f3n de estos datos, por lo que se le facilita la siguiente informaci\u00f3n del tratamiento:\n\nLos datos del responsable de los ficheros en los que se incluir\u00e1n datos personales recogidos y tratados desde esta p\u00e1gina web son:\n\n<strong>MARBRES OCTAVIO<\/strong>\n<strong>Poligono Industrial el Salt, Cam\u00ed del Pas, 50, 43540 La R\u00e0pita, Tarragona<\/strong>\n<strong>616 88 29 25<\/strong>\n<strong>info@marbresoctavio.com<\/strong>\n\n<strong><em>Usos y Finalidades de los Datos Recogidos<\/em><\/strong>\n\nLos datos que Vd. nos facilita a trav\u00e9s de esta web, formar\u00e1n parte de ficheros titularidad de <strong>MARBRES OCTAVIO<\/strong>, siendo las finalidades<span class=\"Apple-converted-space\">\u00a0 <\/span>las que se detallan a continuaci\u00f3n:\n\nGesti\u00f3n de Venta: Cuando adquiere un producto a trav\u00e9s de nuestra web, los datos facilitados en los apartados \u201cdatos de env\u00edo\u201d y \u201cdatos de facturaci\u00f3n\u201d, en su caso, se utilizar\u00e1n para llevar a cabo la tramitaci\u00f3n y gesti\u00f3n de la venta y su posterior facturaci\u00f3n. Asimismo, los datos facilitados a trav\u00e9s del formulario \u201cPedidos especiales\u201d se utilizar\u00e1n igualmente para tramitar su solicitud de pedido especial.\nRealizar Ofertas, Promociones y Sorteos: La informaci\u00f3n que Vd. nos proporcione a trav\u00e9s de nuestros formularios de recogida de datos, podr\u00e1<span class=\"Apple-converted-space\">\u00a0 <\/span>ser utilizada para la organizaci\u00f3n de promociones y sorteos de productos comercializados a trav\u00e9s de nuestra p\u00e1gina web. Cada promoci\u00f3n, oferta o sorteo contar\u00e1 con sus propias condiciones particulares.\nEnv\u00edo de Informaci\u00f3n: La librer\u00eda utilizar\u00e1 los datos personales que el usuario proporcione en el apartado \u201ccontacte con nosotros\u201d para responder a las solicitudes de informaci\u00f3n que nos solicite.<span class=\"Apple-converted-space\">\u00a0 <\/span>La informaci\u00f3n introducida en los formularios o correos electr\u00f3nicos de contacto se emplear\u00e1 adem\u00e1s, para enviarle informaci\u00f3n de inter\u00e9s sobre las novedades de los productos comercializados, as\u00ed como promociones, concursos y ofertas realizadas por la librer\u00eda. Esta informaci\u00f3n se env\u00eda por v\u00eda postal y\/o electr\u00f3nica. Los usuarios que no desean recibir este tipo de informaci\u00f3n pueden comunicarlo a la direcci\u00f3n de correo electr\u00f3nico: ll3espaicultural@gmail.com\nGesti\u00f3n de Usuarios: La informaci\u00f3n que nos proporcione en el formulario de registro \u201cmi cuenta\u201d ser\u00e1 utilizada para la gesti\u00f3n de clientes y usuarios que utilicen nuestros servicios a trav\u00e9s de la p\u00e1gina web.\nLa cumplimentaci\u00f3n de los respectivos cuestionarios ser\u00e1 obligatoria para alcanzar los respectivos objetivos, no siendo posible alcanzar los fines indicados sin la obtenci\u00f3n de la referida informaci\u00f3n personal.\n\n<em><strong><span class=\"Apple-converted-space\">\u00a0<\/span>Comunicaci\u00f3n de Datos a Terceros<\/strong><\/em>\n\nEl Responsable del Fichero tiene previsto la comunicaci\u00f3n de sus datos personales a terceros en los supuestos que se detallan a continuaci\u00f3n:\n\nPor disposici\u00f3n legal: Sus datos ser\u00e1n comunicados a terceros en los supuestos en los que una disposici\u00f3n legal as\u00ed lo establezca (administraciones p\u00fablicas, autoridades administrativas o judiciales\u2026etc.).\nGesti\u00f3n de pagos y cobros: Sus datos personales ser\u00e1n comunicados a terceros cuando resulte necesario para formalizar y gestionar el pago de los productos o servicios adquiridos (paypal, entidades bancarias o cajas de ahorros).\nA Terceros Necesarios para la Prestaci\u00f3n de Nuestros Servicios: se comunicar\u00e1n a terceros (administraciones p\u00fablicas, registros oficiales u otros profesionales como notarios\u2026etc) los datos de car\u00e1cter personal que resulten necesarios para prestar los servicios contratados.\nGanadores de Sorteos, Promociones y Concursos: La librer\u00eda publicar\u00e1 los datos identificativos de los ganadores de sorteos, promociones o concursos. Estos datos (nombres), ser\u00e1n publicados en nuestra p\u00e1gina web y en las diversas redes sociales en las que la librer\u00eda tenga cuenta o perfil corporativo.\n\n<em><strong>Confidencialidad<\/strong><\/em>\n\nLa librer\u00eda se obliga, de acuerdo establece el art\u00edculo 10 LOPD, a guardar secreto respecto a los datos personales tratados, a\u00fan despu\u00e9s de finalizada la relaci\u00f3n comercial entre ambas partes, debiendo extender esta obligaci\u00f3n a todo el personal de su organizaci\u00f3n que acceda a dichos ficheros.\n\n<em><strong>Ejercicio de Derechos.<\/strong><\/em>\n\nLe informamos del derecho que le asiste para ejercer sus Derechos de acceso, rectificaci\u00f3n, cancelaci\u00f3n y oposici\u00f3n mediante el env\u00edo de la solicitud de ejercicio correspondiente junto con copia del documento oficial que le identifique (DNI, carnet de conducir o pasaporte) a la direcci\u00f3n de del Responsable del Fichero. Para recabar informaci\u00f3n sobre la forma de ejercer estos derechos Vd. puede dirigirse a la p\u00e1gina web de la Agencia Espa\u00f1ola de Protecci\u00f3n de Datos:<span class=\"Apple-converted-space\">\u00a0 <\/span>www.agpd.es[\/et_pb_text][\/et_pb_column][\/et_pb_row][\/et_pb_section][et_pb_section fb_built=&#8221;1&#8243; specialty=&#8221;on&#8221; admin_label=&#8221;Footer&#8221; _builder_version=&#8221;4.20.0&#8243; _module_preset=&#8221;default&#8221; background_color=&#8221;#000000&#8243; custom_padding=&#8221;||0px||false|false&#8221; saved_tabs=&#8221;all&#8221; collapsed=&#8221;on&#8221; global_colors_info=&#8221;{}&#8221; global_module=&#8221;86&#8243; theme_builder_area=&#8221;post_content&#8221;][et_pb_column type=&#8221;1_2&#8243; _builder_version=&#8221;4.16&#8243; _module_preset=&#8221;default&#8221; custom_padding=&#8221;|||&#8221; global_colors_info=&#8221;{}&#8221; custom_padding__hover=&#8221;|||&#8221; theme_builder_area=&#8221;post_content&#8221;][et_pb_text _builder_version=&#8221;4.25.2&#8243; _module_preset=&#8221;61b3e1a6-8ac2-4734-b4a8-97890594ba0b&#8221; header_3_text_color=&#8221;#FFFFFF&#8221; global_colors_info=&#8221;{}&#8221; theme_builder_area=&#8221;post_content&#8221;]<h3>Arte en marmol<\/h3>[\/et_pb_text][et_pb_image src=&#8221;https:\/\/marbresoctavio.com\/wp-content\/uploads\/2024\/07\/logo_blanc.png&#8221; title_text=&#8221;logo_blanc&#8221; _builder_version=&#8221;4.25.2&#8243; _module_preset=&#8221;default&#8221; global_colors_info=&#8221;{}&#8221; theme_builder_area=&#8221;post_content&#8221;][\/et_pb_image][\/et_pb_column][et_pb_column type=&#8221;1_2&#8243; specialty_columns=&#8221;2&#8243; _builder_version=&#8221;4.16&#8243; _module_preset=&#8221;default&#8221; custom_padding=&#8221;|||&#8221; global_colors_info=&#8221;{}&#8221; custom_padding__hover=&#8221;|||&#8221; theme_builder_area=&#8221;post_content&#8221;][et_pb_row_inner column_structure=&#8221;1_2,1_2&#8243; _builder_version=&#8221;4.20.0&#8243; _module_preset=&#8221;default&#8221; global_colors_info=&#8221;{}&#8221; theme_builder_area=&#8221;post_content&#8221;][et_pb_column_inner type=&#8221;1_2&#8243; saved_specialty_column_type=&#8221;1_2&#8243; _builder_version=&#8221;4.20.0&#8243; _module_preset=&#8221;default&#8221; global_colors_info=&#8221;{}&#8221; theme_builder_area=&#8221;post_content&#8221;][et_pb_text _builder_version=&#8221;4.26.1&#8243; _module_preset=&#8221;44c28493-aca8-40ec-a264-7217425c4035&#8243; text_text_color=&#8221;#FFFFFF&#8221; link_text_color=&#8221;#FFFFFF&#8221; custom_margin=&#8221;||10px||false|false&#8221; global_colors_info=&#8221;{}&#8221; theme_builder_area=&#8221;post_content&#8221;]<p>+34 616 88 29 25<\/p>[\/et_pb_text][et_pb_text _builder_version=&#8221;4.25.2&#8243; _module_preset=&#8221;44c28493-aca8-40ec-a264-7217425c4035&#8243; text_text_color=&#8221;#FFFFFF&#8221; link_text_color=&#8221;#FFFFFF&#8221; custom_margin=&#8221;||10px||false|false&#8221; global_colors_info=&#8221;{}&#8221; theme_builder_area=&#8221;post_content&#8221;]<p><a href=\"mailto:#\">info@marbresoctavio.com<\/a><a href=\"mailto:#\"><\/a><\/p>[\/et_pb_text][et_pb_text _builder_version=&#8221;4.25.2&#8243; _module_preset=&#8221;44c28493-aca8-40ec-a264-7217425c4035&#8243; text_text_color=&#8221;#FFFFFF&#8221; link_text_color=&#8221;#FFFFFF&#8221; custom_margin=&#8221;||10px||false|false&#8221; global_colors_info=&#8221;{}&#8221; theme_builder_area=&#8221;post_content&#8221;]<p><span>Pol Ind el Salt<br \/>Pas d\u2019en Garrofer, 50<br \/>43540 La R\u00e0pita<br \/>Tarragona<\/span><\/p>[\/et_pb_text][\/et_pb_column_inner][et_pb_column_inner type=&#8221;1_2&#8243; saved_specialty_column_type=&#8221;1_2&#8243; _builder_version=&#8221;4.20.0&#8243; _module_preset=&#8221;default&#8221; global_colors_info=&#8221;{}&#8221; theme_builder_area=&#8221;post_content&#8221;][et_pb_text _builder_version=&#8221;4.25.2&#8243; _module_preset=&#8221;44c28493-aca8-40ec-a264-7217425c4035&#8243; text_text_color=&#8221;#FFFFFF&#8221; link_text_color=&#8221;#FFFFFF&#8221; custom_margin=&#8221;||10px||false|false&#8221; global_colors_info=&#8221;{}&#8221; theme_builder_area=&#8221;post_content&#8221;]<p><a href=\"#\">Nota legal<\/a><\/p>[\/et_pb_text][\/et_pb_column_inner][\/et_pb_row_inner][\/et_pb_column][\/et_pb_section]","protected":false},"excerpt":{"rendered":"<p>Pol\u00edtica de privacitatINFORMACI\u00d3N AL USUARIO \u00a0 MARBRES OCTAVIO\u00a0es el Responsable del tratamiento de los datos personales del Usuario y le informa que estos datos ser\u00e1n tratados de conformidad con lo dispuesto en la normativa vigente en protecci\u00f3n de datos personales, el Reglamento (UE) 2016\/679 de 27 de abril de 2016 (GDPR)\u00a0 relativo a la protecci\u00f3n [&hellip;]<\/p>","protected":false},"author":1,"featured_media":0,"parent":0,"menu_order":0,"comment_status":"closed","ping_status":"closed","template":"","meta":{"_et_pb_use_builder":"on","_et_pb_old_content":"","_et_gb_content_width":"","footnotes":""},"class_list":["post-187","page","type-page","status-publish","hentry"],"yoast_head":"<!-- This site is optimized with the Yoast SEO plugin v24.7 - https:\/\/yoast.com\/wordpress\/plugins\/seo\/ -->\n<title>Pol\u00edtica de Privacitat - Marbres Octavio<\/title>\n<meta name=\"description\" content=\"Marbres Octavio - Art en marbre per a la teva llar. Pol\u00edtica de Privacitat\" \/>\n<meta name=\"robots\" content=\"noindex, follow\" \/>\n<meta property=\"og:locale\" content=\"es_ES\" \/>\n<meta property=\"og:type\" content=\"article\" \/>\n<meta property=\"og:title\" content=\"Pol\u00edtica de Privacitat - Marbres Octavio\" \/>\n<meta property=\"og:description\" content=\"Marbres Octavio - Art en marbre per a la teva llar. Pol\u00edtica de Privacitat\" \/>\n<meta property=\"og:url\" content=\"https:\/\/marbresoctavio.com\/es\/politica-de-privacitat\/\" \/>\n<meta property=\"og:site_name\" content=\"Marbres Octavio\" \/>\n<meta property=\"article:modified_time\" content=\"2025-03-20T14:25:29+00:00\" \/>\n<meta name=\"twitter:card\" content=\"summary_large_image\" \/>\n<meta name=\"twitter:label1\" content=\"Tiempo de lectura\" \/>\n\t<meta name=\"twitter:data1\" content=\"5 minutos\" \/>\n<script type=\"application\/ld+json\" class=\"yoast-schema-graph\">{\"@context\":\"https:\/\/schema.org\",\"@graph\":[{\"@type\":\"WebPage\",\"@id\":\"https:\/\/marbresoctavio.com\/politica-de-privacitat\/\",\"url\":\"https:\/\/marbresoctavio.com\/politica-de-privacitat\/\",\"name\":\"Pol\u00edtica de Privacitat - Marbres Octavio\",\"isPartOf\":{\"@id\":\"https:\/\/marbresoctavio.com\/#website\"},\"datePublished\":\"2025-03-10T10:27:13+00:00\",\"dateModified\":\"2025-03-20T14:25:29+00:00\",\"description\":\"Marbres Octavio - Art en marbre per a la teva llar. Pol\u00edtica de Privacitat\",\"breadcrumb\":{\"@id\":\"https:\/\/marbresoctavio.com\/politica-de-privacitat\/#breadcrumb\"},\"inLanguage\":\"es\",\"potentialAction\":[{\"@type\":\"ReadAction\",\"target\":[\"https:\/\/marbresoctavio.com\/politica-de-privacitat\/\"]}]},{\"@type\":\"BreadcrumbList\",\"@id\":\"https:\/\/marbresoctavio.com\/politica-de-privacitat\/#breadcrumb\",\"itemListElement\":[{\"@type\":\"ListItem\",\"position\":1,\"name\":\"Portada\",\"item\":\"https:\/\/marbresoctavio.com\/\"},{\"@type\":\"ListItem\",\"position\":2,\"name\":\"Pol\u00edtica de Privacitat\"}]},{\"@type\":\"WebSite\",\"@id\":\"https:\/\/marbresoctavio.com\/#website\",\"url\":\"https:\/\/marbresoctavio.com\/\",\"name\":\"Marbres Octavio\",\"description\":\"Art en marbre per a la teva llar\",\"publisher\":{\"@id\":\"https:\/\/marbresoctavio.com\/#organization\"},\"alternateName\":\"marbresoctavio.com\",\"potentialAction\":[{\"@type\":\"SearchAction\",\"target\":{\"@type\":\"EntryPoint\",\"urlTemplate\":\"https:\/\/marbresoctavio.com\/?s={search_term_string}\"},\"query-input\":{\"@type\":\"PropertyValueSpecification\",\"valueRequired\":true,\"valueName\":\"search_term_string\"}}],\"inLanguage\":\"es\"},{\"@type\":\"Organization\",\"@id\":\"https:\/\/marbresoctavio.com\/#organization\",\"name\":\"Marbres Octavio\",\"alternateName\":\"marbresoctavio.com\",\"url\":\"https:\/\/marbresoctavio.com\/\",\"logo\":{\"@type\":\"ImageObject\",\"inLanguage\":\"es\",\"@id\":\"https:\/\/marbresoctavio.com\/#\/schema\/logo\/image\/\",\"url\":\"https:\/\/marbresoctavio.com\/wp-content\/uploads\/2024\/07\/logo_MO.png\",\"contentUrl\":\"https:\/\/marbresoctavio.com\/wp-content\/uploads\/2024\/07\/logo_MO.png\",\"width\":500,\"height\":500,\"caption\":\"Marbres Octavio\"},\"image\":{\"@id\":\"https:\/\/marbresoctavio.com\/#\/schema\/logo\/image\/\"}}]}<\/script>\n<!-- \/ Yoast SEO plugin. -->","yoast_head_json":{"title":"Pol\u00edtica de Privacitat - Marbres Octavio","description":"Marbres Octavio - Art en marbre per a la teva llar. Pol\u00edtica de Privacitat","robots":{"index":"noindex","follow":"follow"},"og_locale":"es_ES","og_type":"article","og_title":"Pol\u00edtica de Privacitat - Marbres Octavio","og_description":"Marbres Octavio - Art en marbre per a la teva llar. Pol\u00edtica de Privacitat","og_url":"https:\/\/marbresoctavio.com\/es\/politica-de-privacitat\/","og_site_name":"Marbres Octavio","article_modified_time":"2025-03-20T14:25:29+00:00","twitter_card":"summary_large_image","twitter_misc":{"Tiempo de lectura":"5 minutos"},"schema":{"@context":"https:\/\/schema.org","@graph":[{"@type":"WebPage","@id":"https:\/\/marbresoctavio.com\/politica-de-privacitat\/","url":"https:\/\/marbresoctavio.com\/politica-de-privacitat\/","name":"Pol\u00edtica de Privacitat - Marbres Octavio","isPartOf":{"@id":"https:\/\/marbresoctavio.com\/#website"},"datePublished":"2025-03-10T10:27:13+00:00","dateModified":"2025-03-20T14:25:29+00:00","description":"Marbres Octavio - Art en marbre per a la teva llar. Pol\u00edtica de Privacitat","breadcrumb":{"@id":"https:\/\/marbresoctavio.com\/politica-de-privacitat\/#breadcrumb"},"inLanguage":"es","potentialAction":[{"@type":"ReadAction","target":["https:\/\/marbresoctavio.com\/politica-de-privacitat\/"]}]},{"@type":"BreadcrumbList","@id":"https:\/\/marbresoctavio.com\/politica-de-privacitat\/#breadcrumb","itemListElement":[{"@type":"ListItem","position":1,"name":"Portada","item":"https:\/\/marbresoctavio.com\/"},{"@type":"ListItem","position":2,"name":"Pol\u00edtica de Privacitat"}]},{"@type":"WebSite","@id":"https:\/\/marbresoctavio.com\/#website","url":"https:\/\/marbresoctavio.com\/","name":"Marbres Octavio","description":"Art en marbre per a la teva llar","publisher":{"@id":"https:\/\/marbresoctavio.com\/#organization"},"alternateName":"marbresoctavio.com","potentialAction":[{"@type":"SearchAction","target":{"@type":"EntryPoint","urlTemplate":"https:\/\/marbresoctavio.com\/?s={search_term_string}"},"query-input":{"@type":"PropertyValueSpecification","valueRequired":true,"valueName":"search_term_string"}}],"inLanguage":"es"},{"@type":"Organization","@id":"https:\/\/marbresoctavio.com\/#organization","name":"Marbres Octavio","alternateName":"marbresoctavio.com","url":"https:\/\/marbresoctavio.com\/","logo":{"@type":"ImageObject","inLanguage":"es","@id":"https:\/\/marbresoctavio.com\/#\/schema\/logo\/image\/","url":"https:\/\/marbresoctavio.com\/wp-content\/uploads\/2024\/07\/logo_MO.png","contentUrl":"https:\/\/marbresoctavio.com\/wp-content\/uploads\/2024\/07\/logo_MO.png","width":500,"height":500,"caption":"Marbres Octavio"},"image":{"@id":"https:\/\/marbresoctavio.com\/#\/schema\/logo\/image\/"}}]}},"_links":{"self":[{"href":"https:\/\/marbresoctavio.com\/es\/wp-json\/wp\/v2\/pages\/187","targetHints":{"allow":["GET"]}}],"collection":[{"href":"https:\/\/marbresoctavio.com\/es\/wp-json\/wp\/v2\/pages"}],"about":[{"href":"https:\/\/marbresoctavio.com\/es\/wp-json\/wp\/v2\/types\/page"}],"author":[{"embeddable":true,"href":"https:\/\/marbresoctavio.com\/es\/wp-json\/wp\/v2\/users\/1"}],"replies":[{"embeddable":true,"href":"https:\/\/marbresoctavio.com\/es\/wp-json\/wp\/v2\/comments?post=187"}],"version-history":[{"count":6,"href":"https:\/\/marbresoctavio.com\/es\/wp-json\/wp\/v2\/pages\/187\/revisions"}],"predecessor-version":[{"id":229,"href":"https:\/\/marbresoctavio.com\/es\/wp-json\/wp\/v2\/pages\/187\/revisions\/229"}],"wp:attachment":[{"href":"https:\/\/marbresoctavio.com\/es\/wp-json\/wp\/v2\/media?parent=187"}],"curies":[{"name":"wp","href":"https:\/\/api.w.org\/{rel}","templated":true}]}}